{"id":3889,"date":"2021-02-09T21:18:52","date_gmt":"2021-02-09T20:18:52","guid":{"rendered":"https:\/\/www.voilesdantan.org\/?page_id=3889"},"modified":"2021-02-09T22:15:31","modified_gmt":"2021-02-09T21:15:31","slug":"nos-bateaux","status":"publish","type":"page","link":"https:\/\/www.voilesdantan.org\/index.php\/nos-bateaux\/","title":{"rendered":"Nos Bateaux"},"content":{"rendered":"\n<div class=\"wp-block-group\"><div class=\"wp-block-group__inner-container is-layout-flow wp-block-group-is-layout-flow\">\n<div class=\"wp-block-group is-layout-flow wp-block-group-is-layout-flow\"><div class=\"wp-block-group__inner-container\"><\/div><\/div>\n<\/div><\/div>\n\n\n<style id=\"sp_pcp_dynamic_style3897\">#pcp_wrapper-3897:not(.sps-glossary-layout) .sp-pcp-row,#pcp_wrapper-3897 .sps-glossary-items-group .sps-glossary-items-content {margin-right: -10px;margin-left: -10px;}#pcp_wrapper-3897 .sp-pcp-row [class*='sp-pcp-col-']{padding-right: 10px;padding-left: 10px; padding-bottom:20px;}.pcp-wrapper-3897 .sp-pcp-title a {color: #111;display: inherit;} .pcp-wrapper-3897 .sp-pcp-title a:hover {color: #e1624b;}#pcp_wrapper-3897 .sp-pcp-post {padding: 0 0 0 0;}#pcp_wrapper-3897.sp-slider_layout .sp-pcp-post .sp-pcp-post-details {top: 0; right:0; bottom:0; left:0;}#pcp_wrapper-3897 .sp-pcp-post {border: 0px solid #e2e2e2; border-radius: 0px }#pcp_wrapper-3897 .sp-pcp-post{background-color: transparent;}#pcp_wrapper-3897 .pcp-post-thumb-wrapper{border: 0px solid #dddddd;border-radius:0px;}.pcp-wrapper-3897 .sp-pcp-post-meta li,.pcp-wrapper-3897 .sp-pcp-post-meta ul,.pcp-wrapper-3897 .sp-pcp-post-meta li a{color: #888;}.pcp-wrapper-3897 .sp-pcp-post-meta li a:hover{color: #e1624b;}#pcp_wrapper-3897 .pcp-readmore-link{ background: transparent; color: #111; border: 1px solid #888; border-radius: 0px; } #pcp_wrapper-3897 .pcp-readmore-link:hover { background-color: #e1624b; color: #fff; border-color: #e1624b; }#pcp_wrapper-3897 .pcp-post-pagination .page-numbers.current, #pcp_wrapper-3897 .pcp-post-pagination a.active , #pcp_wrapper-3897 .pcp-post-pagination a:hover{ color: #ffffff; background: #e1624b; border-color: #e1624b; }#pcp_wrapper-3897 .pcp-post-pagination .page-numbers, .pcp-post-pagination a{ background: #ffffff; color:#5e5e5e; border: 2px solid #bbbbbb;border-radius: 2px; }#pcp_wrapper-3897 .pcp-post-pagination{text-align: left;}@media (min-width: 1200px) {.sp-pcp-row .sp-pcp-col-xl-1 {flex: 0 0 100%;}.sp-pcp-row .sp-pcp-col-xl-2 {flex: 1 1 calc( 50% - 20px);}.sp-pcp-row .sp-pcp-col-xl-3 {flex: 1 1 calc( 33.333% - 20px);}.sp-pcp-row .sp-pcp-col-xl-4 {flex: 1 1 calc( 25% - 20px);}.sp-pcp-row .sp-pcp-col-xl-5 { flex: 1 1 calc( 20% - 20px);}.sp-pcp-row .sp-pcp-col-xl-6 {flex: 1 1 calc( 16.66666666666667% - 20px);}.sp-pcp-row .sp-pcp-col-xl-7 {flex: 1 1 calc( 14.28571428% - 20px);}.sp-pcp-row .sp-pcp-col-xl-8 {flex: 1 1 calc( 12.5% - 20px);}}@media (max-width: 1200px) {.sp-pcp-row .sp-pcp-col-lg-1 {flex: 0 0 100%;}.sp-pcp-row .sp-pcp-col-lg-2 {flex: 1 1 calc( 50% - 20px);}.sp-pcp-row .sp-pcp-col-lg-3 {flex: 1 1 calc( 33.333% - 20px);}.sp-pcp-row .sp-pcp-col-lg-4 {flex: 1 1 calc( 25% - 20px);}.sp-pcp-row .sp-pcp-col-lg-5 { flex: 1 1 calc( 20% - 20px);}.sp-pcp-row .sp-pcp-col-lg-6 {flex: 1 1 calc( 16.66666666666667% - 20px);}.sp-pcp-row .sp-pcp-col-lg-7 {flex: 1 1 calc( 14.28571428% - 20px);}.sp-pcp-row .sp-pcp-col-lg-8 {flex: 1 1 calc( 12.5% - 20px);}}@media (max-width: 992px) {.sp-pcp-row .sp-pcp-col-md-1 {flex: 0 0 100%;}.sp-pcp-row .sp-pcp-col-md-2 {flex: 1 1 calc( 50% - 20px);}.sp-pcp-row .sp-pcp-col-md-2-5 {flex: 0 0 75%;}.sp-pcp-row .sp-pcp-col-md-3 {flex: 1 1 calc( 33.333% - 20px);}.sp-pcp-row .sp-pcp-col-md-4 {flex: 1 1 calc( 25% - 20px);}.sp-pcp-row .sp-pcp-col-md-5 { flex: 1 1 calc( 20% - 20px);}.sp-pcp-row .sp-pcp-col-md-6 {flex: 1 1 calc( 16.66666666666667% - 20px);}.sp-pcp-row .sp-pcp-col-md-7 {flex: 1 1 calc( 14.28571428% - 20px);}.sp-pcp-row .sp-pcp-col-md-8 {flex: 1 1 calc( 12.5% - 20px);}}@media (max-width: 768px) {.sp-pcp-row .sp-pcp-col-sm-1 {flex: 0 0 100%;}.sp-pcp-row .sp-pcp-col-sm-2 {flex: 1 1 calc( 50% - 20px);}.sp-pcp-row .sp-pcp-col-sm-2-5 {flex: 0 0 75%;}.sp-pcp-row .sp-pcp-col-sm-3 {flex: 1 1 calc( 33.333% - 20px);}.sp-pcp-row .sp-pcp-col-sm-4 {flex: 1 1 calc( 25% - 20px);}.sp-pcp-row .sp-pcp-col-sm-5 { flex: 1 1 calc( 20% - 20px);}.sp-pcp-row .sp-pcp-col-sm-6 {flex: 1 1 calc( 16.66666666666667% - 20px);}.sp-pcp-row .sp-pcp-col-sm-7 {flex: 1 1 calc( 14.28571428% - 20px);}.sp-pcp-row .sp-pcp-col-sm-8 {flex: 1 1 calc( 12.5% - 20px);}}@media (max-width: 420px) {.sp-pcp-row .sp-pcp-col-xs-1 {flex: 0 0 100%;}.sp-pcp-row .sp-pcp-col-xs-2 {flex: 1 1 calc( 50% - 20px);}.sp-pcp-row .sp-pcp-col-xs-3 {flex: 1 1 calc( 33.333% - 20px);}.sp-pcp-row .sp-pcp-col-xs-4 {flex: 1 1 calc( 25% - 20px);}.sp-pcp-row .sp-pcp-col-xs-5 { flex: 1 1 calc( 20% - 20px);}.sp-pcp-row .sp-pcp-col-xs-6 {flex: 1 1 calc( 16.66666666666667% - 20px);}.sp-pcp-row .sp-pcp-col-xs-7 {flex: 1 1 calc( 14.28571428% - 20px);}.sp-pcp-row .sp-pcp-col-xs-8 {flex: 1 1 calc( 12.5% - 20px);}}<\/style>\n<div id=\"pcp_wrapper-3897\" class=\"sp-pcp-section sp-pcp-container pcp-wrapper-3897\">\n\t<div class=\"sp-pcp-row\">\n\t\t\t\t<div class=\" sp-pcp-col-xs-1 sp-pcp-col-sm-2 sp-pcp-col-md-3 sp-pcp-col-lg-4 sp-pcp-col-xl-4\">\n\t\t\t<div class=\"sp-pcp-post default pcp-item-1781\" data-id=\"1781\">\n\t\t\t\t\t\t\t\t<div class=\"pcp-post-thumb-wrapper\">\n\t\t\t\t\t<div class=\"sp-pcp-post-thumb-area\">\n\t\t\t\t\t\t\t\t\t\t\t\t<a class=\"sp-pcp-thumb\" href=\"https:\/\/www.voilesdantan.org\/index.php\/2011\/10\/10\/mise-a-leau-de-volja\/\" target=\"_self\" rel=nofollow>\n\t\t\t\t\t\t\t\t\t\t\t\t\t<img loading=\"lazy\" decoding=\"async\" src=\"https:\/\/i0.wp.com\/www.voilesdantan.org\/wp-content\/uploads\/2011\/10\/mose-a-leau-2.jpg?resize=150%2C150&#038;ssl=1\" width=\"150\" height=\"150\" alt=\"\">\n\t\t\t\t\t\t<\/a>\n\t\t\t\t\t<\/div>\n\t\t\t\t<\/div>\n\t\t\t\t\t\t\t\t<div class=\"sp-pcp-post-details\">\n\t\t\t\t\t<div class=\"sp-pcp-post-details-content\">\n\t\t\t\t\t\t\t\t<h2 class=\"sp-pcp-title\">\n\t\t\t\t\t\t\t\t\t<a href=\"https:\/\/www.voilesdantan.org\/index.php\/2011\/10\/10\/mise-a-leau-de-volja\/\" rel=nofollow target=\"_self\">Mise \u00e0 l&rsquo;eau de volja<\/a>\t\t\t\t\t\t\t<\/h2>\n\t\t\t\t\t\t<div class=\"sp-pcp-post-meta\">\n\t\t\t<ul><li>\t\t\t\t\t<i class=\"fa fa-calendar\"><\/i>\n\t\t\t\t\t<time class=\"entry-date published updated\">10 octobre 2011<\/time>\n\t\t\t\t\t<\/li><\/ul>\t\t<\/div>\n\t\t\t\t\t<div class=\"sp-pcp-post-content\">\n\t\t\t\t\t<div class=\"sp-pcp-readmore\">\n\t\t\t\t\t\t\t<a class=\"pcp-readmore-link\" target=\"_self\" href=\"https:\/\/www.voilesdantan.org\/index.php\/2011\/10\/10\/mise-a-leau-de-volja\/\" rel=nofollow>\n\t\t\t\t\t\tEn Voir Plus <\/a>\n\t\t<\/div>\n\t\t\t\t\t<\/div>\n\t\t\t\t\t\t\t\t<\/div>\n\t\t\t\t<\/div>\n\t\t\t<\/div>\n\t\t<\/div>\n\t\t\t\t<div class=\" sp-pcp-col-xs-1 sp-pcp-col-sm-2 sp-pcp-col-md-3 sp-pcp-col-lg-4 sp-pcp-col-xl-4\">\n\t\t\t<div class=\"sp-pcp-post default pcp-item-1448\" data-id=\"1448\">\n\t\t\t\t\t\t\t\t<div class=\"pcp-post-thumb-wrapper\">\n\t\t\t\t\t<div class=\"sp-pcp-post-thumb-area\">\n\t\t\t\t\t\t\t\t\t\t\t\t<a class=\"sp-pcp-thumb\" href=\"https:\/\/www.voilesdantan.org\/index.php\/2011\/03\/21\/dingh-12\/\" target=\"_self\" rel=nofollow>\n\t\t\t\t\t\t\t\t\t\t\t\t\t<img loading=\"lazy\" decoding=\"async\" src=\"https:\/\/i0.wp.com\/www.voilesdantan.org\/wp-content\/uploads\/2011\/03\/sylvia_1.jpg?resize=150%2C150&#038;ssl=1\" width=\"150\" height=\"150\" alt=\"\">\n\t\t\t\t\t\t<\/a>\n\t\t\t\t\t<\/div>\n\t\t\t\t<\/div>\n\t\t\t\t\t\t\t\t<div class=\"sp-pcp-post-details\">\n\t\t\t\t\t<div class=\"sp-pcp-post-details-content\">\n\t\t\t\t\t\t\t\t<h2 class=\"sp-pcp-title\">\n\t\t\t\t\t\t\t\t\t<a href=\"https:\/\/www.voilesdantan.org\/index.php\/2011\/03\/21\/dingh-12\/\" rel=nofollow target=\"_self\">Dinghy 12&prime; : HIJSFMIJ 4<\/a>\t\t\t\t\t\t\t<\/h2>\n\t\t\t\t\t\t<div class=\"sp-pcp-post-meta\">\n\t\t\t<ul><li>\t\t\t\t\t<i class=\"fa fa-calendar\"><\/i>\n\t\t\t\t\t<time class=\"entry-date published updated\">21 mars 2011<\/time>\n\t\t\t\t\t<\/li><\/ul>\t\t<\/div>\n\t\t\t\t\t<div class=\"sp-pcp-post-content\">\n\t\t\t\t\t<div class=\"sp-pcp-readmore\">\n\t\t\t\t\t\t\t<a class=\"pcp-readmore-link\" target=\"_self\" href=\"https:\/\/www.voilesdantan.org\/index.php\/2011\/03\/21\/dingh-12\/\" rel=nofollow>\n\t\t\t\t\t\tEn Voir Plus <\/a>\n\t\t<\/div>\n\t\t\t\t\t<\/div>\n\t\t\t\t\t\t\t\t<\/div>\n\t\t\t\t<\/div>\n\t\t\t<\/div>\n\t\t<\/div>\n\t\t\t\t<div class=\" sp-pcp-col-xs-1 sp-pcp-col-sm-2 sp-pcp-col-md-3 sp-pcp-col-lg-4 sp-pcp-col-xl-4\">\n\t\t\t<div class=\"sp-pcp-post default pcp-item-1054\" data-id=\"1054\">\n\t\t\t\t\t\t\t\t<div class=\"pcp-post-thumb-wrapper\">\n\t\t\t\t\t<div class=\"sp-pcp-post-thumb-area\">\n\t\t\t\t\t\t\t\t\t\t\t\t<a class=\"sp-pcp-thumb\" href=\"https:\/\/www.voilesdantan.org\/index.php\/2010\/05\/30\/le-tiolu-a-laval\/\" target=\"_self\" rel=nofollow>\n\t\t\t\t\t\t\t\t\t\t\t\t\t<img loading=\"lazy\" decoding=\"async\" src=\"https:\/\/i0.wp.com\/www.voilesdantan.org\/wp-content\/uploads\/2010\/04\/Tiolu_11mx270m_12x91.jpg?resize=150%2C150&#038;ssl=1\" width=\"150\" height=\"150\" alt=\"\">\n\t\t\t\t\t\t<\/a>\n\t\t\t\t\t<\/div>\n\t\t\t\t<\/div>\n\t\t\t\t\t\t\t\t<div class=\"sp-pcp-post-details\">\n\t\t\t\t\t<div class=\"sp-pcp-post-details-content\">\n\t\t\t\t\t\t\t\t<h2 class=\"sp-pcp-title\">\n\t\t\t\t\t\t\t\t\t<a href=\"https:\/\/www.voilesdantan.org\/index.php\/2010\/05\/30\/le-tiolu-a-laval\/\" rel=nofollow target=\"_self\">Le Tiolu \u00e0 l&rsquo;AVAL<\/a>\t\t\t\t\t\t\t<\/h2>\n\t\t\t\t\t\t<div class=\"sp-pcp-post-meta\">\n\t\t\t<ul><li>\t\t\t\t\t<i class=\"fa fa-calendar\"><\/i>\n\t\t\t\t\t<time class=\"entry-date published updated\">30 mai 2010<\/time>\n\t\t\t\t\t<\/li><\/ul>\t\t<\/div>\n\t\t\t\t\t<div class=\"sp-pcp-post-content\">\n\t\t\t\t\t<div class=\"sp-pcp-readmore\">\n\t\t\t\t\t\t\t<a class=\"pcp-readmore-link\" target=\"_self\" href=\"https:\/\/www.voilesdantan.org\/index.php\/2010\/05\/30\/le-tiolu-a-laval\/\" rel=nofollow>\n\t\t\t\t\t\tEn Voir Plus <\/a>\n\t\t<\/div>\n\t\t\t\t\t<\/div>\n\t\t\t\t\t\t\t\t<\/div>\n\t\t\t\t<\/div>\n\t\t\t<\/div>\n\t\t<\/div>\n\t\t\t\t<div class=\" sp-pcp-col-xs-1 sp-pcp-col-sm-2 sp-pcp-col-md-3 sp-pcp-col-lg-4 sp-pcp-col-xl-4\">\n\t\t\t<div class=\"sp-pcp-post default pcp-item-792\" data-id=\"792\">\n\t\t\t\t\t\t\t\t<div class=\"pcp-post-thumb-wrapper\">\n\t\t\t\t\t<div class=\"sp-pcp-post-thumb-area\">\n\t\t\t\t\t\t\t\t\t\t\t\t<a class=\"sp-pcp-thumb\" href=\"https:\/\/www.voilesdantan.org\/index.php\/2009\/12\/19\/endrick-7-m-ji-plan-fife\/\" target=\"_self\" rel=nofollow>\n\t\t\t\t\t\t\t\t\t\t\t\t\t<img loading=\"lazy\" decoding=\"async\" src=\"https:\/\/i0.wp.com\/www.voilesdantan.org\/wp-content\/uploads\/2009\/12\/Endrick.jpg?resize=150%2C150&#038;ssl=1\" width=\"150\" height=\"150\" alt=\"\">\n\t\t\t\t\t\t<\/a>\n\t\t\t\t\t<\/div>\n\t\t\t\t<\/div>\n\t\t\t\t\t\t\t\t<div class=\"sp-pcp-post-details\">\n\t\t\t\t\t<div class=\"sp-pcp-post-details-content\">\n\t\t\t\t\t\t\t\t<h2 class=\"sp-pcp-title\">\n\t\t\t\t\t\t\t\t\t<a href=\"https:\/\/www.voilesdantan.org\/index.php\/2009\/12\/19\/endrick-7-m-ji-plan-fife\/\" rel=nofollow target=\"_self\">Endrick &#8211; 7 m JI plan Fife &#8211; 1912<\/a>\t\t\t\t\t\t\t<\/h2>\n\t\t\t\t\t\t<div class=\"sp-pcp-post-meta\">\n\t\t\t<ul><li>\t\t\t\t\t<i class=\"fa fa-calendar\"><\/i>\n\t\t\t\t\t<time class=\"entry-date published updated\">19 d\u00e9cembre 2009<\/time>\n\t\t\t\t\t<\/li><\/ul>\t\t<\/div>\n\t\t\t\t\t<div class=\"sp-pcp-post-content\">\n\t\t\t\t\t<div class=\"sp-pcp-readmore\">\n\t\t\t\t\t\t\t<a class=\"pcp-readmore-link\" target=\"_self\" href=\"https:\/\/www.voilesdantan.org\/index.php\/2009\/12\/19\/endrick-7-m-ji-plan-fife\/\" rel=nofollow>\n\t\t\t\t\t\tEn Voir Plus <\/a>\n\t\t<\/div>\n\t\t\t\t\t<\/div>\n\t\t\t\t\t\t\t\t<\/div>\n\t\t\t\t<\/div>\n\t\t\t<\/div>\n\t\t<\/div>\n\t\t\t\t<div class=\" sp-pcp-col-xs-1 sp-pcp-col-sm-2 sp-pcp-col-md-3 sp-pcp-col-lg-4 sp-pcp-col-xl-4\">\n\t\t\t<div class=\"sp-pcp-post default pcp-item-340\" data-id=\"340\">\n\t\t\t\t\t\t\t\t<div class=\"pcp-post-thumb-wrapper\">\n\t\t\t\t\t<div class=\"sp-pcp-post-thumb-area\">\n\t\t\t\t\t\t\t\t\t\t\t\t<a class=\"sp-pcp-thumb\" href=\"https:\/\/www.voilesdantan.org\/index.php\/2009\/08\/05\/le-belouga-belouga\/\" target=\"_self\" rel=nofollow>\n\t\t\t\t\t\t\t\t\t\t\t\t\t<img loading=\"lazy\" decoding=\"async\" src=\"https:\/\/i0.wp.com\/www.voilesdantan.org\/wp-content\/uploads\/2009\/08\/belouga11.jpg?resize=150%2C150&#038;ssl=1\" width=\"150\" height=\"150\" alt=\"\">\n\t\t\t\t\t\t<\/a>\n\t\t\t\t\t<\/div>\n\t\t\t\t<\/div>\n\t\t\t\t\t\t\t\t<div class=\"sp-pcp-post-details\">\n\t\t\t\t\t<div class=\"sp-pcp-post-details-content\">\n\t\t\t\t\t\t\t\t<h2 class=\"sp-pcp-title\">\n\t\t\t\t\t\t\t\t\t<a href=\"https:\/\/www.voilesdantan.org\/index.php\/2009\/08\/05\/le-belouga-belouga\/\" rel=nofollow target=\"_self\">Kajou &#8211; B\u00e9louga<\/a>\t\t\t\t\t\t\t<\/h2>\n\t\t\t\t\t\t<div class=\"sp-pcp-post-meta\">\n\t\t\t<ul><li>\t\t\t\t\t<i class=\"fa fa-calendar\"><\/i>\n\t\t\t\t\t<time class=\"entry-date published updated\">5 ao\u00fbt 2009<\/time>\n\t\t\t\t\t<\/li><\/ul>\t\t<\/div>\n\t\t\t\t\t<div class=\"sp-pcp-post-content\">\n\t\t\t\t\t<div class=\"sp-pcp-readmore\">\n\t\t\t\t\t\t\t<a class=\"pcp-readmore-link\" target=\"_self\" href=\"https:\/\/www.voilesdantan.org\/index.php\/2009\/08\/05\/le-belouga-belouga\/\" rel=nofollow>\n\t\t\t\t\t\tEn Voir Plus <\/a>\n\t\t<\/div>\n\t\t\t\t\t<\/div>\n\t\t\t\t\t\t\t\t<\/div>\n\t\t\t\t<\/div>\n\t\t\t<\/div>\n\t\t<\/div>\n\t\t\t\t<div class=\" sp-pcp-col-xs-1 sp-pcp-col-sm-2 sp-pcp-col-md-3 sp-pcp-col-lg-4 sp-pcp-col-xl-4\">\n\t\t\t<div class=\"sp-pcp-post default pcp-item-337\" data-id=\"337\">\n\t\t\t\t\t\t\t\t<div class=\"pcp-post-thumb-wrapper\">\n\t\t\t\t\t<div class=\"sp-pcp-post-thumb-area\">\n\t\t\t\t\t\t\t\t\t\t\t\t<a class=\"sp-pcp-thumb\" href=\"https:\/\/www.voilesdantan.org\/index.php\/2009\/08\/05\/le-magnifique-vouga\/\" target=\"_self\" rel=nofollow>\n\t\t\t\t\t\t\t\t\t\t\t\t\t<img loading=\"lazy\" decoding=\"async\" src=\"https:\/\/i0.wp.com\/www.voilesdantan.org\/wp-content\/uploads\/2009\/08\/magnifique11.jpg?resize=150%2C150&#038;ssl=1\" width=\"150\" height=\"150\" alt=\"\">\n\t\t\t\t\t\t<\/a>\n\t\t\t\t\t<\/div>\n\t\t\t\t<\/div>\n\t\t\t\t\t\t\t\t<div class=\"sp-pcp-post-details\">\n\t\t\t\t\t<div class=\"sp-pcp-post-details-content\">\n\t\t\t\t\t\t\t\t<h2 class=\"sp-pcp-title\">\n\t\t\t\t\t\t\t\t\t<a href=\"https:\/\/www.voilesdantan.org\/index.php\/2009\/08\/05\/le-magnifique-vouga\/\" rel=nofollow target=\"_self\">Le Magnifique &#8211; Vouga<\/a>\t\t\t\t\t\t\t<\/h2>\n\t\t\t\t\t\t<div class=\"sp-pcp-post-meta\">\n\t\t\t<ul><li>\t\t\t\t\t<i class=\"fa fa-calendar\"><\/i>\n\t\t\t\t\t<time class=\"entry-date published updated\">5 ao\u00fbt 2009<\/time>\n\t\t\t\t\t<\/li><\/ul>\t\t<\/div>\n\t\t\t\t\t<div class=\"sp-pcp-post-content\">\n\t\t\t\t\t<div class=\"sp-pcp-readmore\">\n\t\t\t\t\t\t\t<a class=\"pcp-readmore-link\" target=\"_self\" href=\"https:\/\/www.voilesdantan.org\/index.php\/2009\/08\/05\/le-magnifique-vouga\/\" rel=nofollow>\n\t\t\t\t\t\tEn Voir Plus <\/a>\n\t\t<\/div>\n\t\t\t\t\t<\/div>\n\t\t\t\t\t\t\t\t<\/div>\n\t\t\t\t<\/div>\n\t\t\t<\/div>\n\t\t<\/div>\n\t\t\t\t<div class=\" sp-pcp-col-xs-1 sp-pcp-col-sm-2 sp-pcp-col-md-3 sp-pcp-col-lg-4 sp-pcp-col-xl-4\">\n\t\t\t<div class=\"sp-pcp-post default pcp-item-333\" data-id=\"333\">\n\t\t\t\t\t\t\t\t<div class=\"pcp-post-thumb-wrapper\">\n\t\t\t\t\t<div class=\"sp-pcp-post-thumb-area\">\n\t\t\t\t\t\t\t\t\t\t\t\t<a class=\"sp-pcp-thumb\" href=\"https:\/\/www.voilesdantan.org\/index.php\/2009\/08\/05\/troy-canoe-rocca-1950\/\" target=\"_self\" rel=nofollow>\n\t\t\t\t\t\t\t\t\t\t\t\t\t<img loading=\"lazy\" decoding=\"async\" src=\"https:\/\/i0.wp.com\/www.voilesdantan.org\/wp-content\/uploads\/2009\/08\/Troy11.jpg?resize=150%2C150&#038;ssl=1\" width=\"150\" height=\"150\" alt=\"\">\n\t\t\t\t\t\t<\/a>\n\t\t\t\t\t<\/div>\n\t\t\t\t<\/div>\n\t\t\t\t\t\t\t\t<div class=\"sp-pcp-post-details\">\n\t\t\t\t\t<div class=\"sp-pcp-post-details-content\">\n\t\t\t\t\t\t\t\t<h2 class=\"sp-pcp-title\">\n\t\t\t\t\t\t\t\t\t<a href=\"https:\/\/www.voilesdantan.org\/index.php\/2009\/08\/05\/troy-canoe-rocca-1950\/\" rel=nofollow target=\"_self\">Troy &#8211; Cano\u00eb ROCCA (1950)<\/a>\t\t\t\t\t\t\t<\/h2>\n\t\t\t\t\t\t<div class=\"sp-pcp-post-meta\">\n\t\t\t<ul><li>\t\t\t\t\t<i class=\"fa fa-calendar\"><\/i>\n\t\t\t\t\t<time class=\"entry-date published updated\">5 ao\u00fbt 2009<\/time>\n\t\t\t\t\t<\/li><\/ul>\t\t<\/div>\n\t\t\t\t\t<div class=\"sp-pcp-post-content\">\n\t\t\t\t\t<div class=\"sp-pcp-readmore\">\n\t\t\t\t\t\t\t<a class=\"pcp-readmore-link\" target=\"_self\" href=\"https:\/\/www.voilesdantan.org\/index.php\/2009\/08\/05\/troy-canoe-rocca-1950\/\" rel=nofollow>\n\t\t\t\t\t\tEn Voir Plus <\/a>\n\t\t<\/div>\n\t\t\t\t\t<\/div>\n\t\t\t\t\t\t\t\t<\/div>\n\t\t\t\t<\/div>\n\t\t\t<\/div>\n\t\t<\/div>\n\t\t\t\t<div class=\" sp-pcp-col-xs-1 sp-pcp-col-sm-2 sp-pcp-col-md-3 sp-pcp-col-lg-4 sp-pcp-col-xl-4\">\n\t\t\t<div class=\"sp-pcp-post default pcp-item-330\" data-id=\"330\">\n\t\t\t\t\t\t\t\t<div class=\"pcp-post-thumb-wrapper\">\n\t\t\t\t\t<div class=\"sp-pcp-post-thumb-area\">\n\t\t\t\t\t\t\t\t\t\t\t\t<a class=\"sp-pcp-thumb\" href=\"https:\/\/www.voilesdantan.org\/index.php\/2009\/08\/05\/volja-primaat-1969\/\" target=\"_self\" rel=nofollow>\n\t\t\t\t\t\t\t\t\t\t\t\t\t<img loading=\"lazy\" decoding=\"async\" src=\"https:\/\/i0.wp.com\/www.voilesdantan.org\/wp-content\/uploads\/2009\/08\/dolfijn1.jpg?resize=150%2C150&#038;ssl=1\" width=\"150\" height=\"150\" alt=\"\">\n\t\t\t\t\t\t<\/a>\n\t\t\t\t\t<\/div>\n\t\t\t\t<\/div>\n\t\t\t\t\t\t\t\t<div class=\"sp-pcp-post-details\">\n\t\t\t\t\t<div class=\"sp-pcp-post-details-content\">\n\t\t\t\t\t\t\t\t<h2 class=\"sp-pcp-title\">\n\t\t\t\t\t\t\t\t\t<a href=\"https:\/\/www.voilesdantan.org\/index.php\/2009\/08\/05\/volja-primaat-1969\/\" rel=nofollow target=\"_self\">Volja &#8211; Primaat (1969)<\/a>\t\t\t\t\t\t\t<\/h2>\n\t\t\t\t\t\t<div class=\"sp-pcp-post-meta\">\n\t\t\t<ul><li>\t\t\t\t\t<i class=\"fa fa-calendar\"><\/i>\n\t\t\t\t\t<time class=\"entry-date published updated\">5 ao\u00fbt 2009<\/time>\n\t\t\t\t\t<\/li><\/ul>\t\t<\/div>\n\t\t\t\t\t<div class=\"sp-pcp-post-content\">\n\t\t\t\t\t<div class=\"sp-pcp-readmore\">\n\t\t\t\t\t\t\t<a class=\"pcp-readmore-link\" target=\"_self\" href=\"https:\/\/www.voilesdantan.org\/index.php\/2009\/08\/05\/volja-primaat-1969\/\" rel=nofollow>\n\t\t\t\t\t\tEn Voir Plus <\/a>\n\t\t<\/div>\n\t\t\t\t\t<\/div>\n\t\t\t\t\t\t\t\t<\/div>\n\t\t\t\t<\/div>\n\t\t\t<\/div>\n\t\t<\/div>\n\t\t\t\t<div class=\" sp-pcp-col-xs-1 sp-pcp-col-sm-2 sp-pcp-col-md-3 sp-pcp-col-lg-4 sp-pcp-col-xl-4\">\n\t\t\t<div class=\"sp-pcp-post default pcp-item-322\" data-id=\"322\">\n\t\t\t\t\t\t\t\t<div class=\"pcp-post-thumb-wrapper\">\n\t\t\t\t\t<div class=\"sp-pcp-post-thumb-area\">\n\t\t\t\t\t\t\t\t\t\t\t\t<a class=\"sp-pcp-thumb\" href=\"https:\/\/www.voilesdantan.org\/index.php\/2009\/08\/05\/simoun-moucheron-1941\/\" target=\"_self\" rel=nofollow>\n\t\t\t\t\t\t\t\t\t\t\t\t\t<img loading=\"lazy\" decoding=\"async\" src=\"https:\/\/i0.wp.com\/www.voilesdantan.org\/wp-content\/uploads\/2009\/08\/Simoun11.jpg?resize=150%2C150&#038;ssl=1\" width=\"150\" height=\"150\" alt=\"\">\n\t\t\t\t\t\t<\/a>\n\t\t\t\t\t<\/div>\n\t\t\t\t<\/div>\n\t\t\t\t\t\t\t\t<div class=\"sp-pcp-post-details\">\n\t\t\t\t\t<div class=\"sp-pcp-post-details-content\">\n\t\t\t\t\t\t\t\t<h2 class=\"sp-pcp-title\">\n\t\t\t\t\t\t\t\t\t<a href=\"https:\/\/www.voilesdantan.org\/index.php\/2009\/08\/05\/simoun-moucheron-1941\/\" rel=nofollow target=\"_self\">Simoun &#8211; Moucheron (1941)<\/a>\t\t\t\t\t\t\t<\/h2>\n\t\t\t\t\t\t<div class=\"sp-pcp-post-meta\">\n\t\t\t<ul><li>\t\t\t\t\t<i class=\"fa fa-calendar\"><\/i>\n\t\t\t\t\t<time class=\"entry-date published updated\">5 ao\u00fbt 2009<\/time>\n\t\t\t\t\t<\/li><\/ul>\t\t<\/div>\n\t\t\t\t\t<div class=\"sp-pcp-post-content\">\n\t\t\t\t\t<div class=\"sp-pcp-readmore\">\n\t\t\t\t\t\t\t<a class=\"pcp-readmore-link\" target=\"_self\" href=\"https:\/\/www.voilesdantan.org\/index.php\/2009\/08\/05\/simoun-moucheron-1941\/\" rel=nofollow>\n\t\t\t\t\t\tEn Voir Plus <\/a>\n\t\t<\/div>\n\t\t\t\t\t<\/div>\n\t\t\t\t\t\t\t\t<\/div>\n\t\t\t\t<\/div>\n\t\t\t<\/div>\n\t\t<\/div>\n\t\t\t\t<div class=\" sp-pcp-col-xs-1 sp-pcp-col-sm-2 sp-pcp-col-md-3 sp-pcp-col-lg-4 sp-pcp-col-xl-4\">\n\t\t\t<div class=\"sp-pcp-post default pcp-item-315\" data-id=\"315\">\n\t\t\t\t\t\t\t\t<div class=\"pcp-post-thumb-wrapper\">\n\t\t\t\t\t<div class=\"sp-pcp-post-thumb-area\">\n\t\t\t\t\t\t\t\t\t\t\t\t<a class=\"sp-pcp-thumb\" href=\"https:\/\/www.voilesdantan.org\/index.php\/2009\/08\/05\/jean-chouan-6-50-si-1927\/\" target=\"_self\" rel=nofollow>\n\t\t\t\t\t\t\t\t\t\t\t\t\t<img loading=\"lazy\" decoding=\"async\" src=\"https:\/\/i0.wp.com\/www.voilesdantan.org\/wp-content\/uploads\/2009\/08\/jean-Chouan-11-oct.jpg?resize=150%2C150&#038;ssl=1\" width=\"150\" height=\"150\" alt=\"\">\n\t\t\t\t\t\t<\/a>\n\t\t\t\t\t<\/div>\n\t\t\t\t<\/div>\n\t\t\t\t\t\t\t\t<div class=\"sp-pcp-post-details\">\n\t\t\t\t\t<div class=\"sp-pcp-post-details-content\">\n\t\t\t\t\t\t\t\t<h2 class=\"sp-pcp-title\">\n\t\t\t\t\t\t\t\t\t<a href=\"https:\/\/www.voilesdantan.org\/index.php\/2009\/08\/05\/jean-chouan-6-50-si-1927\/\" rel=nofollow target=\"_self\">Jean Chouan &#8211; 6.50 SI (1927)<\/a>\t\t\t\t\t\t\t<\/h2>\n\t\t\t\t\t\t<div class=\"sp-pcp-post-meta\">\n\t\t\t<ul><li>\t\t\t\t\t<i class=\"fa fa-calendar\"><\/i>\n\t\t\t\t\t<time class=\"entry-date published updated\">5 ao\u00fbt 2009<\/time>\n\t\t\t\t\t<\/li><\/ul>\t\t<\/div>\n\t\t\t\t\t<div class=\"sp-pcp-post-content\">\n\t\t\t\t\t<div class=\"sp-pcp-readmore\">\n\t\t\t\t\t\t\t<a class=\"pcp-readmore-link\" target=\"_self\" href=\"https:\/\/www.voilesdantan.org\/index.php\/2009\/08\/05\/jean-chouan-6-50-si-1927\/\" rel=nofollow>\n\t\t\t\t\t\tEn Voir Plus <\/a>\n\t\t<\/div>\n\t\t\t\t\t<\/div>\n\t\t\t\t\t\t\t\t<\/div>\n\t\t\t\t<\/div>\n\t\t\t<\/div>\n\t\t<\/div>\n\t\t\t\t<div class=\" sp-pcp-col-xs-1 sp-pcp-col-sm-2 sp-pcp-col-md-3 sp-pcp-col-lg-4 sp-pcp-col-xl-4\">\n\t\t\t<div class=\"sp-pcp-post default pcp-item-166\" data-id=\"166\">\n\t\t\t\t\t\t\t\t<div class=\"pcp-post-thumb-wrapper\">\n\t\t\t\t\t<div class=\"sp-pcp-post-thumb-area\">\n\t\t\t\t\t\t\t\t\t\t\t\t<a class=\"sp-pcp-thumb\" href=\"https:\/\/www.voilesdantan.org\/index.php\/2009\/06\/20\/villanelle-corsaire\/\" target=\"_self\" rel=nofollow>\n\t\t\t\t\t\t\t\t\t\t\t\t\t<img loading=\"lazy\" decoding=\"async\" src=\"https:\/\/i0.wp.com\/www.voilesdantan.org\/wp-content\/uploads\/2009\/06\/Villanelle1.jpg?resize=150%2C150&#038;ssl=1\" width=\"150\" height=\"150\" alt=\"\">\n\t\t\t\t\t\t<\/a>\n\t\t\t\t\t<\/div>\n\t\t\t\t<\/div>\n\t\t\t\t\t\t\t\t<div class=\"sp-pcp-post-details\">\n\t\t\t\t\t<div class=\"sp-pcp-post-details-content\">\n\t\t\t\t\t\t\t\t<h2 class=\"sp-pcp-title\">\n\t\t\t\t\t\t\t\t\t<a href=\"https:\/\/www.voilesdantan.org\/index.php\/2009\/06\/20\/villanelle-corsaire\/\" rel=nofollow target=\"_self\">Villanelle &#8211; Corsaire Meulan (1964)<\/a>\t\t\t\t\t\t\t<\/h2>\n\t\t\t\t\t\t<div class=\"sp-pcp-post-meta\">\n\t\t\t<ul><li>\t\t\t\t\t<i class=\"fa fa-calendar\"><\/i>\n\t\t\t\t\t<time class=\"entry-date published updated\">20 juin 2009<\/time>\n\t\t\t\t\t<\/li><\/ul>\t\t<\/div>\n\t\t\t\t\t<div class=\"sp-pcp-post-content\">\n\t\t\t\t\t<div class=\"sp-pcp-readmore\">\n\t\t\t\t\t\t\t<a class=\"pcp-readmore-link\" target=\"_self\" href=\"https:\/\/www.voilesdantan.org\/index.php\/2009\/06\/20\/villanelle-corsaire\/\" rel=nofollow>\n\t\t\t\t\t\tEn Voir Plus <\/a>\n\t\t<\/div>\n\t\t\t\t\t<\/div>\n\t\t\t\t\t\t\t\t<\/div>\n\t\t\t\t<\/div>\n\t\t\t<\/div>\n\t\t<\/div>\n\t\t\t\t<div class=\" sp-pcp-col-xs-1 sp-pcp-col-sm-2 sp-pcp-col-md-3 sp-pcp-col-lg-4 sp-pcp-col-xl-4\">\n\t\t\t<div class=\"sp-pcp-post default pcp-item-72\" data-id=\"72\">\n\t\t\t\t\t\t\t\t<div class=\"pcp-post-thumb-wrapper\">\n\t\t\t\t\t<div class=\"sp-pcp-post-thumb-area\">\n\t\t\t\t\t\t\t\t\t\t\t\t<a class=\"sp-pcp-thumb\" href=\"https:\/\/www.voilesdantan.org\/index.php\/2009\/05\/20\/lisa\/\" target=\"_self\" rel=nofollow>\n\t\t\t\t\t\t\t\t\t\t\t\t\t<img loading=\"lazy\" decoding=\"async\" src=\"https:\/\/i0.wp.com\/www.voilesdantan.org\/wp-content\/uploads\/2009\/05\/Lisa2.jpg?resize=150%2C150&#038;ssl=1\" width=\"150\" height=\"150\" alt=\"\">\n\t\t\t\t\t\t<\/a>\n\t\t\t\t\t<\/div>\n\t\t\t\t<\/div>\n\t\t\t\t\t\t\t\t<div class=\"sp-pcp-post-details\">\n\t\t\t\t\t<div class=\"sp-pcp-post-details-content\">\n\t\t\t\t\t\t\t\t<h2 class=\"sp-pcp-title\">\n\t\t\t\t\t\t\t\t\t<a href=\"https:\/\/www.voilesdantan.org\/index.php\/2009\/05\/20\/lisa\/\" rel=nofollow target=\"_self\">Lisa &#8211; 15m SNS (1943)<\/a>\t\t\t\t\t\t\t<\/h2>\n\t\t\t\t\t\t<div class=\"sp-pcp-post-meta\">\n\t\t\t<ul><li>\t\t\t\t\t<i class=\"fa fa-calendar\"><\/i>\n\t\t\t\t\t<time class=\"entry-date published updated\">20 mai 2009<\/time>\n\t\t\t\t\t<\/li><\/ul>\t\t<\/div>\n\t\t\t\t\t<div class=\"sp-pcp-post-content\">\n\t\t\t\t\t<div class=\"sp-pcp-readmore\">\n\t\t\t\t\t\t\t<a class=\"pcp-readmore-link\" target=\"_self\" href=\"https:\/\/www.voilesdantan.org\/index.php\/2009\/05\/20\/lisa\/\" rel=nofollow>\n\t\t\t\t\t\tEn Voir Plus <\/a>\n\t\t<\/div>\n\t\t\t\t\t<\/div>\n\t\t\t\t\t\t\t\t<\/div>\n\t\t\t\t<\/div>\n\t\t\t<\/div>\n\t\t<\/div>\n\t\t\t\t<div class=\" sp-pcp-col-xs-1 sp-pcp-col-sm-2 sp-pcp-col-md-3 sp-pcp-col-lg-4 sp-pcp-col-xl-4\">\n\t\t\t<div class=\"sp-pcp-post default pcp-item-40\" data-id=\"40\">\n\t\t\t\t\t\t\t\t<div class=\"pcp-post-thumb-wrapper\">\n\t\t\t\t\t<div class=\"sp-pcp-post-thumb-area\">\n\t\t\t\t\t\t\t\t\t\t\t\t<a class=\"sp-pcp-thumb\" href=\"https:\/\/www.voilesdantan.org\/index.php\/2009\/04\/24\/ara-650-si-de-1928\/\" target=\"_self\" rel=nofollow>\n\t\t\t\t\t\t\t\t\t\t\t\t\t<img loading=\"lazy\" decoding=\"async\" src=\"https:\/\/i0.wp.com\/www.voilesdantan.org\/wp-content\/uploads\/2009\/04\/virginieheriotAmsterdam.jpg?resize=150%2C150&#038;ssl=1\" width=\"150\" height=\"150\" alt=\"\">\n\t\t\t\t\t\t<\/a>\n\t\t\t\t\t<\/div>\n\t\t\t\t<\/div>\n\t\t\t\t\t\t\t\t<div class=\"sp-pcp-post-details\">\n\t\t\t\t\t<div class=\"sp-pcp-post-details-content\">\n\t\t\t\t\t\t\t\t<h2 class=\"sp-pcp-title\">\n\t\t\t\t\t\t\t\t\t<a href=\"https:\/\/www.voilesdantan.org\/index.php\/2009\/04\/24\/ara-650-si-de-1928\/\" rel=nofollow target=\"_self\">ARA &#8211; 6.50 Si (1928)<\/a>\t\t\t\t\t\t\t<\/h2>\n\t\t\t\t\t\t<div class=\"sp-pcp-post-meta\">\n\t\t\t<ul><li>\t\t\t\t\t<i class=\"fa fa-calendar\"><\/i>\n\t\t\t\t\t<time class=\"entry-date published updated\">24 avril 2009<\/time>\n\t\t\t\t\t<\/li><\/ul>\t\t<\/div>\n\t\t\t\t\t<div class=\"sp-pcp-post-content\">\n\t\t\t\t\t<div class=\"sp-pcp-readmore\">\n\t\t\t\t\t\t\t<a class=\"pcp-readmore-link\" target=\"_self\" href=\"https:\/\/www.voilesdantan.org\/index.php\/2009\/04\/24\/ara-650-si-de-1928\/\" rel=nofollow>\n\t\t\t\t\t\tEn Voir Plus <\/a>\n\t\t<\/div>\n\t\t\t\t\t<\/div>\n\t\t\t\t\t\t\t\t<\/div>\n\t\t\t\t<\/div>\n\t\t\t<\/div>\n\t\t<\/div>\n\t\t\t<\/div>\n\t\t<span class=\"sp-pcp-pagination-data\" style=\"display:none;\"><\/span>\n\n\t\t<nav class=\"pcp-post-pagination pcp-on-desktop\">\n\t\t\t\t\t<\/nav>\n\t\t\t\t\t<nav class=\"pcp-post-pagination pcp-on-mobile\">\n\t\t\t\t\t<\/nav>\n\t\t\t\t<\/div>\n","protected":false},"excerpt":{"rendered":"<p><span style=\"color: #000080;\"><strong>Ara<\/strong><\/span><\/p>\n<p>Patron :<\/p>\n<p>Quillard de la s\u00e9rie des 6.50 SI ( \u00ab\u00a06 m\u00e8tres 50 de la S\u00e9rie Internationale\u00a0\u00bb, &hellip;<\/p>","protected":false},"author":1,"featured_media":1782,"parent":0,"menu_order":0,"comment_status":"closed","ping_status":"closed","template":"","meta":{"advanced_seo_description":"","jetpack_seo_html_title":"","jetpack_seo_noindex":false,"jetpack_post_was_ever_published":false,"footnotes":""},"class_list":["post-3889","page","type-page","status-publish","has-post-thumbnail","hentry"],"jetpack-related-posts":[{"id":3919,"url":"https:\/\/www.voilesdantan.org\/index.php\/technique\/","url_meta":{"origin":3889,"position":0},"title":"Technique","author":"GrenierFlorent","date":"19 f\u00e9vrier 2021","format":false,"excerpt":"","rel":"","context":"Article similaire","block_context":{"text":"Article similaire","link":""},"img":{"alt_text":"","src":"https:\/\/i0.wp.com\/www.voilesdantan.org\/wp-content\/uploads\/2016\/12\/IMG_20161211_134756.jpg?fit=800%2C375&ssl=1&resize=350%2C200","width":350,"height":200,"srcset":"https:\/\/i0.wp.com\/www.voilesdantan.org\/wp-content\/uploads\/2016\/12\/IMG_20161211_134756.jpg?fit=800%2C375&ssl=1&resize=350%2C200 1x, https:\/\/i0.wp.com\/www.voilesdantan.org\/wp-content\/uploads\/2016\/12\/IMG_20161211_134756.jpg?fit=800%2C375&ssl=1&resize=525%2C300 1.5x, https:\/\/i0.wp.com\/www.voilesdantan.org\/wp-content\/uploads\/2016\/12\/IMG_20161211_134756.jpg?fit=800%2C375&ssl=1&resize=700%2C400 2x"},"classes":[]},{"id":3916,"url":"https:\/\/www.voilesdantan.org\/index.php\/patrimoine-lemanique\/","url_meta":{"origin":3889,"position":1},"title":"Patrimoine L\u00e9manique","author":"GrenierFlorent","date":"19 f\u00e9vrier 2021","format":false,"excerpt":"","rel":"","context":"Article similaire","block_context":{"text":"Article similaire","link":""},"img":{"alt_text":"","src":"https:\/\/i0.wp.com\/www.voilesdantan.org\/wp-content\/uploads\/2010\/06\/10-Attelee-avec-la-Yole12x9.jpg?fit=360%2C270&ssl=1&resize=350%2C200","width":350,"height":200},"classes":[]},{"id":93,"url":"https:\/\/www.voilesdantan.org\/index.php\/liens\/","url_meta":{"origin":3889,"position":2},"title":"Liens","author":"Evrard","date":"11 juin 2009","format":false,"excerpt":"N'h\u00e9sitez pas \u00e0 nous communiquer d'autres liens int\u00e9ressants ! \u00a0 Notre h\u00e9bergeur ttn.ch Un grand merci \u00e0 notre ami Martin qui a longtemps h\u00e9berg\u00e9 notre site.... Associations d'amateurs de bateaux bois www.vieuxsafrans.com ; Nos amis des Vieux Safrans d'Annecy www.aubonheurdubois.com : Pas encore de bateaux, mais un travail du bois\u2026","rel":"","context":"Article similaire","block_context":{"text":"Article similaire","link":""},"img":{"alt_text":"","src":"https:\/\/i0.wp.com\/www.voilesdantan.org\/wp-content\/uploads\/2009\/06\/ttn.jpg?resize=350%2C200","width":350,"height":200},"classes":[]},{"id":3878,"url":"https:\/\/www.voilesdantan.org\/index.php\/a-propos\/","url_meta":{"origin":3889,"position":3},"title":"A Propos","author":"Evrard","date":"23 avril 2009","format":false,"excerpt":"Une association fran\u00e7aise, de loi 1901, pour propri\u00e9taires de vieux voiliers en bois est n\u00e9e en 2007 : l'Atelier des Voiles d'Antan du L\u00e9man (AVAL) R\u00e9pondant \u00e0 une nette demande de propri\u00e9taires de vieux bateaux en bois plus particuli\u00e8rement, l'association \u00e0 but non lucratif a \u00e9t\u00e9 cr\u00e9\u00e9e \u00e0 Messery\u00a0(74140) avec\u2026","rel":"","context":"Article similaire","block_context":{"text":"Article similaire","link":""},"img":{"alt_text":"","src":"","width":0,"height":0},"classes":[]},{"id":4485,"url":"https:\/\/www.voilesdantan.org\/index.php\/classique-de-sciez\/","url_meta":{"origin":3889,"position":4},"title":"Classique De Sciez 2026","author":"GrenierFlorent","date":"24 novembre 2024","format":false,"excerpt":"Depuis plus de 25 ans La Classique de Sciez est le rassemblement incontournable des bateaux de tradition sur la rive fran\u00e7aise du L\u00e9man. Rendez vous les 1 et 2 Aout 2026 pour la 27\u00e8me \u00e9dition! Ne tardez pas \u00e0 vous inscrire, nous esp\u00e9rons vous voir nombreux sur le Port de\u2026","rel":"","context":"Article similaire","block_context":{"text":"Article similaire","link":""},"img":{"alt_text":"","src":"https:\/\/i0.wp.com\/www.voilesdantan.org\/wp-content\/uploads\/2024\/06\/AVLL-Barques-oreilles-Unesco.jpg?fit=1032%2C1200&ssl=1&resize=350%2C200","width":350,"height":200,"srcset":"https:\/\/i0.wp.com\/www.voilesdantan.org\/wp-content\/uploads\/2024\/06\/AVLL-Barques-oreilles-Unesco.jpg?fit=1032%2C1200&ssl=1&resize=350%2C200 1x, https:\/\/i0.wp.com\/www.voilesdantan.org\/wp-content\/uploads\/2024\/06\/AVLL-Barques-oreilles-Unesco.jpg?fit=1032%2C1200&ssl=1&resize=525%2C300 1.5x, https:\/\/i0.wp.com\/www.voilesdantan.org\/wp-content\/uploads\/2024\/06\/AVLL-Barques-oreilles-Unesco.jpg?fit=1032%2C1200&ssl=1&resize=700%2C400 2x"},"classes":[]}],"jetpack_shortlink":"https:\/\/wp.me\/PcN3JF-10J","jetpack_sharing_enabled":true,"_links":{"self":[{"href":"https:\/\/www.voilesdantan.org\/index.php\/wp-json\/wp\/v2\/pages\/3889","targetHints":{"allow":["GET"]}}],"collection":[{"href":"https:\/\/www.voilesdantan.org\/index.php\/wp-json\/wp\/v2\/pages"}],"about":[{"href":"https:\/\/www.voilesdantan.org\/index.php\/wp-json\/wp\/v2\/types\/page"}],"author":[{"embeddable":true,"href":"https:\/\/www.voilesdantan.org\/index.php\/wp-json\/wp\/v2\/users\/1"}],"replies":[{"embeddable":true,"href":"https:\/\/www.voilesdantan.org\/index.php\/wp-json\/wp\/v2\/comments?post=3889"}],"version-history":[{"count":7,"href":"https:\/\/www.voilesdantan.org\/index.php\/wp-json\/wp\/v2\/pages\/3889\/revisions"}],"predecessor-version":[{"id":3905,"href":"https:\/\/www.voilesdantan.org\/index.php\/wp-json\/wp\/v2\/pages\/3889\/revisions\/3905"}],"wp:featuredmedia":[{"embeddable":true,"href":"https:\/\/www.voilesdantan.org\/index.php\/wp-json\/wp\/v2\/media\/1782"}],"wp:attachment":[{"href":"https:\/\/www.voilesdantan.org\/index.php\/wp-json\/wp\/v2\/media?parent=3889"}],"curies":[{"name":"wp","href":"https:\/\/api.w.org\/{rel}","templated":true}]}}